{"id":135,"date":"2024-02-10T12:43:39","date_gmt":"2024-02-10T15:43:39","guid":{"rendered":"https:\/\/picciblog.com.br\/?page_id=135"},"modified":"2024-03-16T10:00:32","modified_gmt":"2024-03-16T13:00:32","slug":"divida-se-paga-com-chumbo","status":"publish","type":"page","link":"https:\/\/picciblog.com.br\/index.php\/divida-se-paga-com-chumbo\/","title":{"rendered":"DIVIDA SE PAGA COM CHUMBO"},"content":{"rendered":"\n<p><strong>D\u00cdVIDA SE PAGA COM CHUMBO<\/strong><\/p>\n\n\n\n<p><strong>Conto Francisco Piccirilo<\/strong><\/p>\n\n\n\n<p>&#8212;Roberto, voc\u00ea aqui tamb\u00e9m?<\/p>\n\n\n\n<p>Essa foi a express\u00e3o de Artur, um dos viajantes que em diversas cidades por onde passou Roberto, sempre se encontram.<\/p>\n\n\n\n<p>&#8212;Claro que estou aqui em carne \u0435 osso!<\/p>\n\n\n\n<p>&#8212;Veio comprar, vender ou receber?<\/p>\n\n\n\n<p>&#8212;As tr\u00eas coisas. J\u00e1 estive no escritorio do Coronel Mauro Pac\u00edfico, na Fazenda Santa&#8230;<\/p>\n\n\n\n<p>&#8212;Espere a\u00ed, atalhou o Artur. Voc\u00ea disse no escrit\u00f3rio do Coronel Mauro?!<\/p>\n\n\n\n<p>&#8212;Falei e realmente estive l\u00e1. Foi o primeiro fregu\u00eas que visitei, antes de hospedar-me aqui. For sim, o Coronel \u00e9 boa praga. Qual \u00e9 o grilo?<\/p>\n\n\n\n<p>Artur gaguejavas n\u00e3o podia acreditar, mas era verdade. Roberto esteve no escrit\u00f3rio do Coronel Mauro.<\/p>\n\n\n\n<p>&nbsp;&#8212;E como voc\u00ea foi recebido?<\/p>\n\n\n\n<p>&#8212;Muito bem, respondeu Roberto. A Secretaria n\u00e3o foi la muito gentil, embora seja uma garota muito bonita.<\/p>\n\n\n\n<p>&#8212;Estou perguntando por que, segundo coment\u00e1rios por a\u00ed, o Coronel manda matar o cobrador, mas n\u00e3o paga ningu\u00e9m. Voc\u00ea recebeu?<\/p>\n\n\n\n<p>Ao ouvir isso, um frio correu pela espinha da cabe\u00e7a aos p\u00e9s de Roberto. O mo\u00e7o empalideceu, sentou-se na cadeira, abaixou a cabe\u00e7a na mesa do refeit\u00f3rio e ficou ali uns&nbsp;bons&nbsp;minutos.<\/p>\n\n\n\n<p>&#8212;Queira me desculpar, disse Artur tendo nas costas do colega. Pensei que voc\u00ea soubesse.<\/p>\n\n\n\n<p>Momentos depois, com uma x\u00edcara de ch\u00e1, Roberto voltou a si, mas n\u00e3o deixou de falar com seus bot\u00f5es.<\/p>\n\n\n\n<p>&#8212;Se soubesse antes n\u00e3o teria ido. N\u00e3o sou de brigas. E continuando suas reflex\u00f5es acrescentou. &#8212;N\u00e3o \u00e9 \u00e0 toa que me disse. D\u00edvida se paga com chumbo, mo\u00e7o!<\/p>\n\n\n\n<p>Naquele mesmo dia Roberto voltou ao Rio de Janeiro, para um bom descanso, s\u00f3 voltando a viajar um bom tempo depois.<\/p>\n\n\n\n<p>Roberto Siqueira, ap\u00f3s ser farmac\u00eautico formado, seguindo ordem paterna, matriculou-se na Faculdade de Medicina do Rio de Janeiro. Conclu\u00eddo o primeiro ano come\u00e7ou a sentir dificuldades no segundo. Seu professor Dr. Lopes aconselhou a fazer uma consulta em Campinas, no Estado de S\u00e3o Paulo.<\/p>\n\n\n\n<p>Francamente \u00e9 de se admirar que um estudante de medicina do Rio, cidade maravilhosa e importante centro de cultura, turismo, pol\u00edtica e outros predicados, sendo farmac\u00eautico e rodeado de professores ilustres, fosse aconselhado ir \u00e0 Campinas, cidade interiorana, para consultar seus olhos.<\/p>\n\n\n\n<p>Hoje Campinas \u00e9 um centro de primeira grandeza em todos os sentidos, mas na \u00e9poca do jovem Roberto ainda n\u00e3o era. A cidade tinha bons profissionais e por isso j\u00e1 era famosa em todo o Brasil.<\/p>\n\n\n\n<p>O acad\u00eamico de medicina foi e procurou o m\u00e9dico indicado. Submetido a todos os exames necess\u00e1rios chegou-se a seguinte conclus\u00e3o: O mo\u00e7o devia abandonar os estudos e trabalhar em servi\u00e7os que n\u00e3o necessitasse firmar as vistas. Sua doen\u00e7a, infelizmente, era &#8220;Miopia Hiper Progressiva&#8221;.<\/p>\n\n\n\n<p>Gra\u00e7as aos conhecimentos que tinha no Rio, n\u00e3o foi dif\u00edcil arranjar emprego como ajudante com sua situa\u00e7\u00e3o f\u00edsica. Roberto empregou-se como viajante, numa Companhia Importadora e Exportadora de Caf\u00e9. Sua primeira miss\u00e3o foi viajar pelos Estados de Mato Grosso, Goi\u00e1s e Minas Gerais.<\/p>\n\n\n\n<p>A fam\u00edlia de Roberto a princ\u00edpio se op\u00f4s a esse emprego, mas o jovem, muito contente pelo servi\u00e7o e sobretudo porque n\u00e3o precisava agarrar-se aos estudos, estava muito alegre e procurou tranquilizar seus pais, os quais aos poucos foram compreendendo. Pelo menos o rapaz n\u00e3o era vagabundo.<\/p>\n\n\n\n<p>Um dos diretores da Companhia era goiano e particularmente chamou o jovem e deu-lhe este conselho.<\/p>\n\n\n\n<p>&#8211;Roberto, quando entrar na casa de um goiano, tome muito cuidado com suas botas. Nunca deixe elas fora das cal\u00e7as. Procure sempre mant\u00ea-las por baixo, escondida. Infelizmente meus conterr\u00e2neos sentem-se ofendidos e poder\u00e3o prejudic\u00e1-lo nos neg\u00f3cios. Nas ruas, n\u00e3o tem import\u00e2ncia.<\/p>\n\n\n\n<p>O mo\u00e7o agradeceu n\u00e3o s\u00f3 o Dr. Nem\u00e9sio, como os demais companheiros j\u00e1 tarimbados. Viajar pelo Brasil, principalmente nesses Estados muito vis dos pela m\u00e1 f\u00e9 doe brasileiros, era realmente uma aventura,&nbsp;mesmo&nbsp;porque, constitu\u00eda sua primeira viagem. Nasceu e crescer no Rio de Janeiro. Conhecia palmo a palmo a cidade carioca, mas outros lugares n\u00e3o. Estivera em Campinas, mas o Estado de S\u00e3o Paulo sempre gozou de boa fama.<\/p>\n\n\n\n<p>Preparado seus documentos, lista dos fazendeiros, comerciantes e industriais, Roberto seguiu viagem para Campo Grande. Visitou os fregueses e tudo foi maravilhoso. Enquanto esteve na cidade conheceu pessoas de neg\u00f3cios e colegas de viagens. Tomou conhecimento de diversos assuntos relativos \u00e0 mesma. Campo Grande ainda n\u00e3o era a capital do novo estado de Mato Grosso do Sul, mas os cidad\u00e3os estavam trabalhando para isso com muito amor.<\/p>\n\n\n\n<p>Resolvido os problemas, Roberto seguiu para Cuiab\u00e1. Sua viagem continuava muito boa. Muito calor, mas para um carioca acostumado ao calor forte da Guanabara, n\u00e3o era novidade. Cuiab\u00e1 n\u00e3o oferecia os mesmos atrativos de Campo Grande, mas era a Capital e por isso alguns problemas de seus neg\u00f3cios deveriam ser resolvidos ali. a cada etapa de sua viagem, o mo\u00e7o despachava cor- respond\u00eancia aos seus superiores. Tudo corria muito bem; de Cuiab\u00e1, Roberto, viajando de \u00f4nibus, partiu para Goi\u00e2nia e n\u00e3o esquecendo as recomenda\u00e7\u00f5es do Dr. Nem\u00e9sio, procurou manter as botas sempre sob as pernas das cal\u00e7as, mesmo nas ruas. Uma boa pol\u00edtica de amizade. Nessa cidade desenvolveu seus trabalhos da melhor maneira. Brasilia estava fervendo, isto \u00e9, estava come\u00e7ando a dar seus primeiros passos na constru\u00e7\u00e3o.<\/p>\n\n\n\n<p>Em An\u00e1polis soube que a pol\u00edcia&nbsp;encontrara um homem assassinado, por\u00e9m, o crime deveria ter sido vingan\u00e7a, pois o morto tinha dinheiro nos bolsos, cartucheira com balas, revolver, rel\u00f3gio. Conclus\u00e3o: n\u00e3o fora assaltado. Ali\u00e1s, Roberto at\u00e9 que estava estranhando. Em todo o percurso j\u00e1 feito n\u00e3o vira e nem soubera dos casos t\u00e3o comentados sobre esses Estados. Pura demagogia ou vontade de alguns cidad\u00e3os contarem prosa fiada.<\/p>\n\n\n\n<p>A empreitada continuava muito bem na agenda de Roberto, o qual continuou visitando diversas cidades, conhecendo novos rumos, novas pessoas, novos colegas de viagens.<\/p>\n\n\n\n<p>A Companhia em que o mo\u00e7o trabalhava estava muito satisfeita. Nunca outros viajantes, mesmo mais experimentados conseguiram resultados t\u00e3o positivos. A pr\u00f3pria dire\u00e7\u00e3o j\u00e1 pensava em promov\u00ea-lo, t\u00e3o logo regressasse.<\/p>\n\n\n\n<p>Acertado os neg\u00f3cios em Goi\u00e1s, Roberto, sempre viajando de trem ou de \u00f4nibus seguiu para Minas Gerais. Nesse Estado os neg\u00f3cios eram bem maiores e mais complexos tamb\u00e9m. Muitas cidades deveriam ser visitadas e para tanto come\u00e7ou pelas mais distantes. Ao chegar em Monte Claros, ao inv\u00e9s de se hospedar no hotel, foi direto ao escrit\u00f3rio do Senhor Mauro Pac\u00edfico, que de pac\u00edfico n\u00e3o tinha nada. A Secret\u00e1ria atendeu-o muito secamente.<\/p>\n\n\n\n<p>&#8212;Pode sentar-se a\u00ed. O Coronel ainda n\u00e3o chegou.<\/p>\n\n\n\n<p>Roberto sentou-se. N\u00e3o sabia que o homem era coronel. Apanhou um jornal e come\u00e7ou a ler, fazendo hora, \u00e9 claro. Ap\u00f3s meia hora de espera, o&nbsp;Coronel&nbsp;chegou e a Secretaria f\u00ea-lo entrar.<\/p>\n\n\n\n<p>O aspecto do Coronel era bom. Mo\u00e7o, talvez uns quarenta anos de idade, simp\u00e1tico. Ap\u00f3s os cumprimentos de praxe, Roberto foi logo s\u00f3 assunto.<\/p>\n\n\n\n<p>&#8212;Coronel, trago aqui, embora contragosto, uma cobran\u00e7a contra o presado amigo.<\/p>\n\n\n\n<p>Uma boa pol\u00edtica do jovem Siqueira era tratar todos de doutor ou prezado amigo.<\/p>\n\n\n\n<p>Muito sorridente o acendendo um bom charuto,<\/p>\n\n\n\n<p>inclusive oferecendo no visitando, o Coronel foi logo complementando a sauda\u00e7\u00e3o.<\/p>\n\n\n\n<p>&#8212;Prezado amigo! Ningu\u00e9m falou de min o senhor?<\/p>\n\n\n\n<p>&#8212;Positivamente, n\u00e3o! O senhor \u00e9 a primeira pessoa que visito nesta progressiva cidade. De mais a mais, n\u00e3o costumo interrogar a vida de ningu\u00e9m, principalmente dos clientes que visito. Acho que todos s\u00e3o cidad\u00e3os e&#8230;<\/p>\n\n\n\n<p>&#8211;Pois fica o prezado amigo sabendo, que d\u00edvida eu s\u00f3 pago, mas \u00e9 com chumbo&#8230;!<\/p>\n\n\n\n<p>Para Roberto, tudo parecia brincadeira, embora notasse uma atitude bastante esquisita do Coronel. Afinal nunca houve dificuldade no tratamento com as de- mais pessoas j\u00e1 visitadas.<\/p>\n\n\n\n<p>Brincadeira por brincadeira, Roberto tirou de suas botas um saca-caf\u00e9 e mostrando energicamente ao Coronel foi dizendo.<\/p>\n\n\n\n<p>&#8212;Se algu\u00e9m atirar em mim e n\u00e3o acertar, bebo o sangue dele com&nbsp;este&nbsp;brinquedo!<\/p>\n\n\n\n<p>&#8212;Que \u00e9 isso amigo, parece nervoso!<\/p>\n\n\n\n<p>Acontece que o Coronel n\u00e3o esperava do mo\u00e7o essa rea\u00e7\u00e3o e acabou por acertar as contas com o viajante-cobrador.<\/p>\n\n\n\n<div class=\"wp-block-comments\"><h2 id=\"comments\" class=\"wp-block-comments-title\">One response to &#8220;DIVIDA SE PAGA COM CHUMBO&#8221;<\/h2>\n\n<ol class=\"wp-block-comment-template\"><li id=\"comment-7\" class=\"comment even thread-even depth-1\">\n\n<div class=\"wp-block-columns is-layout-flex wp-container-core-columns-is-layout-9d6595d7 wp-block-columns-is-layout-flex\">\n<div class=\"wp-block-column is-layout-flow wp-block-column-is-layout-flow\" style=\"flex-basis:40px\"><div class=\"wp-block-avatar\"><img alt='Lu\u00eds Carlos Trento Avatar' src='https:\/\/secure.gravatar.com\/avatar\/78f825740b051cc13c5fd94e5c8cd57065fbc6ab74ae25744bf3661aae5694db?s=40&#038;d=mm&#038;r=g' srcset='https:\/\/secure.gravatar.com\/avatar\/78f825740b051cc13c5fd94e5c8cd57065fbc6ab74ae25744bf3661aae5694db?s=80&#038;d=mm&#038;r=g 2x' class='avatar avatar-40 photo wp-block-avatar__image' height='40' width='40'  style=\"border-radius:20px;\"\/><\/div><\/div>\n\n\n\n<div class=\"wp-block-column is-layout-flow wp-block-column-is-layout-flow\"><div class=\"wp-block-comment-author-name has-small-font-size\">Lu\u00eds Carlos Trento<\/div>\n\n\n<div class=\"wp-block-group is-layout-flex wp-block-group-is-layout-flex\" style=\"margin-top:0px;margin-bottom:0px\"><div class=\"wp-block-comment-date has-small-font-size\"><time datetime=\"2024-03-21T18:20:16-03:00\"><a href=\"https:\/\/picciblog.com.br\/index.php\/divida-se-paga-com-chumbo\/#comment-7\">21 de March de 2024<\/a><\/time><\/div>\n\n<\/div>\n\n\n<div class=\"wp-block-comment-content\"><p>A imagina\u00e7\u00e3o do Francisco era muito f\u00e9rtil.<br \/>\nSimplista e com grande capacidade de desenvolver os temas.<\/p>\n<\/div>\n\n<div class=\"wp-block-comment-reply-link has-small-font-size\"><a rel=\"nofollow\" class=\"comment-reply-link\" href=\"#comment-7\" data-commentid=\"7\" data-postid=\"135\" data-belowelement=\"comment-7\" data-respondelement=\"respond\" data-replyto=\"Reply to Lu\u00eds Carlos Trento\" aria-label=\"Reply to Lu\u00eds Carlos Trento\">Reply<\/a><\/div><\/div>\n<\/div>\n\n<\/li><\/ol>\n\n\n\n\t<div id=\"respond\" class=\"comment-respond wp-block-post-comments-form\">\n\t\t<h3 id=\"reply-title\" class=\"comment-reply-title\">Leave a Reply <small><a rel=\"nofollow\" id=\"cancel-comment-reply-link\" href=\"\/index.php\/wp-json\/wp\/v2\/pages\/135#respond\" style=\"display:none;\">Cancel reply<\/a><\/small><\/h3><form action=\"https:\/\/picciblog.com.br\/wp-comments-post.php\" method=\"post\" id=\"commentform\" class=\"comment-form\"><p class=\"comment-notes\"><span id=\"email-notes\">Your email address will not be published.<\/span> <span class=\"required-field-message\">Required fields are marked <span class=\"required\">*<\/span><\/span><\/p><p class=\"comment-form-comment\"><label for=\"comment\">Comment <span class=\"required\">*<\/span><\/label> <textarea id=\"comment\" name=\"comment\" cols=\"45\" rows=\"8\" maxlength=\"65525\" required=\"required\"><\/textarea><\/p><p class=\"comment-form-author\"><label for=\"author\">Name <span class=\"required\">*<\/span><\/label> <input id=\"author\" name=\"author\" type=\"text\" value=\"\" size=\"30\" maxlength=\"245\" autocomplete=\"name\" required=\"required\" \/><\/p>\n<p class=\"comment-form-email\"><label for=\"email\">Email <span class=\"required\">*<\/span><\/label> <input id=\"email\" name=\"email\" type=\"text\" value=\"\" size=\"30\" maxlength=\"100\" aria-describedby=\"email-notes\" autocomplete=\"email\" required=\"required\" \/><\/p>\n<p class=\"comment-form-url\"><label for=\"url\">Website<\/label> <input id=\"url\" name=\"url\" type=\"text\" value=\"\" size=\"30\" maxlength=\"200\" autocomplete=\"url\" \/><\/p>\n<p class=\"comment-form-cookies-consent\"><input id=\"wp-comment-cookies-consent\" name=\"wp-comment-cookies-consent\" type=\"checkbox\" value=\"yes\" \/> <label for=\"wp-comment-cookies-consent\">Save my name, email, and website in this browser for the next time I comment.<\/label><\/p>\n<p class=\"form-submit\"><input name=\"submit\" type=\"submit\" id=\"submit\" class=\"submit\" value=\"Post Comment\" \/> <input type='hidden' name='comment_post_ID' value='135' id='comment_post_ID' \/>\n<input type='hidden' name='comment_parent' id='comment_parent' value='0' \/>\n<\/p><\/form>\t<\/div><!-- #respond -->\n\t<\/div>\n","protected":false},"excerpt":{"rendered":"<p>D\u00cdVIDA SE PAGA COM CHUMBO Conto Francisco Piccirilo &#8212;Roberto, voc\u00ea aqui tamb\u00e9m? Essa foi a express\u00e3o de Artur, um dos viajantes que em diversas cidades por onde passou Roberto, sempre se encontram. &#8212;Claro que estou aqui em carne \u0435 osso! &#8212;Veio comprar, vender ou receber? &#8212;As tr\u00eas coisas. J\u00e1 estive no escritorio do Coronel Mauro [&hellip;]<\/p>\n","protected":false},"author":1,"featured_media":0,"parent":0,"menu_order":0,"comment_status":"open","ping_status":"closed","template":"","meta":{"saved_in_kubio":false,"om_disable_all_campaigns":false,"_monsterinsights_skip_tracking":false,"_monsterinsights_sitenote_active":false,"_monsterinsights_sitenote_note":"","_monsterinsights_sitenote_category":0,"_uf_show_specific_survey":0,"_uf_disable_surveys":false,"footnotes":""},"class_list":["post-135","page","type-page","status-publish","hentry"],"aioseo_notices":[],"kubio_ai_page_context":{"short_desc":"","purpose":"general"},"_links":{"self":[{"href":"https:\/\/picciblog.com.br\/index.php\/wp-json\/wp\/v2\/pages\/135","targetHints":{"allow":["GET"]}}],"collection":[{"href":"https:\/\/picciblog.com.br\/index.php\/wp-json\/wp\/v2\/pages"}],"about":[{"href":"https:\/\/picciblog.com.br\/index.php\/wp-json\/wp\/v2\/types\/page"}],"author":[{"embeddable":true,"href":"https:\/\/picciblog.com.br\/index.php\/wp-json\/wp\/v2\/users\/1"}],"replies":[{"embeddable":true,"href":"https:\/\/picciblog.com.br\/index.php\/wp-json\/wp\/v2\/comments?post=135"}],"version-history":[{"count":2,"href":"https:\/\/picciblog.com.br\/index.php\/wp-json\/wp\/v2\/pages\/135\/revisions"}],"predecessor-version":[{"id":309,"href":"https:\/\/picciblog.com.br\/index.php\/wp-json\/wp\/v2\/pages\/135\/revisions\/309"}],"wp:attachment":[{"href":"https:\/\/picciblog.com.br\/index.php\/wp-json\/wp\/v2\/media?parent=135"}],"curies":[{"name":"wp","href":"https:\/\/api.w.org\/{rel}","templated":true}]}}