{"id":370,"date":"2025-02-07T21:34:52","date_gmt":"2025-02-08T00:34:52","guid":{"rendered":"https:\/\/picciblog.com.br\/?page_id=370"},"modified":"2025-02-07T21:34:53","modified_gmt":"2025-02-08T00:34:53","slug":"uma-viagem-a-portugal-em-contos","status":"publish","type":"page","link":"https:\/\/picciblog.com.br\/index.php\/uma-viagem-a-portugal-em-contos\/","title":{"rendered":"UMA VIAGEM A PORTUGAL EM CONTOS\u00a0"},"content":{"rendered":"\n<p>Era uma manh\u00e3 de outono quando Maria decidiu embarcar em uma jornada inesquec\u00edvel. Portugal, com a predomin\u00e2ncia de azulejos coloridos e o aroma do vinho de amoras e cerejas por l\u00e1 fabricados.&nbsp;<\/p>\n\n\n\n<p>Em Lisboa, a cidade das sete colinas. As ruas estreitas a levaram ao bairro de Alfama. Ela se perdeu nas ruelas sinuosas, descobrindo pequenas lojas de cer\u00e2mica e caf\u00e9s aconchegantes, passeando pela Rua Augusta que liga a Pra\u00e7a do Comercio a Pra\u00e7a Rossio, pra\u00e7a do comercio as margens do Rio Tejo, conhecida como uma das maiores pra\u00e7as da Europa,&nbsp; como tamb\u00e9m Terreiro do Pa\u00e7o, hoje ocupada com v\u00e1rios departamentos do governo portugu\u00eas, dali passando pela Torre de Bel\u00e9m constru\u00edda no s\u00e9culo XV, da torre de Bel\u00e9m, para o pastel de Bel\u00e9m, Maria n\u00e3o poderia deixar de provar o melhor pastel de Bel\u00e9m de Portugal, e de fato pode constatar que sem d\u00favidas \u00e9 o melhor, n\u00e3o se trata de um pastel de nata.&nbsp;<\/p>\n\n\n\n<p>A viagem continuou at\u00e9 o Porto, onde o vinho do Porto flu\u00eda como mem\u00f3rias antigas. Maria passeou pelas margens do Rio Douro, admirando as casas estreitas e os barcos rabelos, continuando ao norte de Portugal, encontrando v\u00e1rias vin\u00edcolas, vinhos diferentes e uma incr\u00edvel culin\u00e1ria, conhecida pela regi\u00e3o do douro vinhateiro, Maria en\u00f3filo, amante pode provar as margens do douro, na quinta da Cartuxa Alentejo, sediada em \u00c9vora, seus vinhos s\u00e3o produzidos nas variedades de uvas cuidadosamente selecionadas e ali fabricadas.&nbsp;<\/p>\n\n\n\n<p>Uma parada em \u00c9vora, com suas muralhas romanas e templos de m\u00e1rmore. Maria explorou as ru\u00ednas, imaginando os antigos habitantes que ali viveram. \u00c0 noite, ela se sentou na Pra\u00e7a do Giraldo, ouvindo os risos e conversas dos moradores locais.&nbsp;<\/p>\n\n\n\n<p>Em Braga recebeu com igrejas barrocas e escadarias de granito. Maria subiu at\u00e9 o Santu\u00e1rio do Bom Jesus do Monte, onde os degraus pareciam levar ao c\u00e9u. L\u00e1 em cima, ap\u00f3s, ela olhou para o horizonte, sentindo-se pequena diante da vastid\u00e3o do mundo.&nbsp;<\/p>\n\n\n\n<p>&nbsp;Seguindo para Fatima, uma cidade no centro de Portugal, ao chegar Maria foi envolvida pela devo\u00e7\u00e3o e pela paz, visitou o Santu\u00e1rio da Fatima, local de peregrina\u00e7\u00e3o cat\u00f3lica, marca apari\u00e7\u00e3o da virgem Maria em 1917, esplendorosa bas\u00edlica de Nossa Senhora do Ros\u00e1rio, Maria pode contemplar o fen\u00f4meno das apari\u00e7\u00f5es da Virgem Maria, relatadas por tr\u00eas pastorinhos, caminhando at\u00e9 a&nbsp;&nbsp;<\/p>\n\n\n\n<p>Capelinha das apari\u00e7\u00f5es. Ao entardecer, caminhou sobre o Pateo da Bas\u00edlia, l\u00e1 todas as noites, tem o ros\u00e1rio em diferentes l\u00ednguas, ap\u00f3s, uma prociss\u00e3o de vela, a multid\u00e3o de repente vai chegando e poucos minutos fica tomada, pelos fi\u00e9is, cada um com sua vela, caminhando, rezando e cantando em uma prociss\u00e3o da virgem Maria, o calor das velas e f\u00e9 indiscut\u00edveis de seus fi\u00e9is acalenta ainda mais, a devo\u00e7\u00e3o \u00e0 Virgem e a emo\u00e7\u00e3o toma conta das pessoas, onde pode orar e refletir sobre sua vida.&nbsp;<\/p>\n\n\n\n<p>Sua peregrina\u00e7\u00e3o n\u00e3o podia deixar de conhecer Santiago de Compostela, cidade famosa e conhecida internacionalmente cujo destino de peregrina\u00e7\u00e3o crist\u00e3, uma das mais importantes do mundo, somente superada por Roma e Jerusal\u00e9m, destaca-se a catedral de Santiago, em fachada Barroca, onde \u00e9 encontrado o tumulo Santiago Maior, um dos ap\u00f3stolos de Jesus Cristo, a visita ao tumulo marca o fim da peregrina\u00e7\u00e3o onde se estende por toda Europa Ocidental ao longo de milhares de quil\u00f4metros.&nbsp;<\/p>\n\n\n\n<p>De volta a terra natal, Maria nunca imaginou que Portugal pudesse proporcionar tantas mem\u00f3rias inesquec\u00edveis. &#8220;Cada canto deste lugar est\u00e1 repleto de hist\u00f3ria, cultura e uma beleza inexplic\u00e1vel.&#8221;&nbsp;<\/p>\n\n\n\n<p>Jose C Piccirilo&nbsp;&nbsp;<\/p>\n\n\n\n<p>Maio de 2024&nbsp;<\/p>\n","protected":false},"excerpt":{"rendered":"<p>Era uma manh\u00e3 de outono quando Maria decidiu embarcar em uma jornada inesquec\u00edvel. Portugal, com a predomin\u00e2ncia de azulejos coloridos e o aroma do vinho de amoras e cerejas por l\u00e1 fabricados.&nbsp; Em Lisboa, a cidade das sete colinas. As ruas estreitas a levaram ao bairro de Alfama. Ela se perdeu nas ruelas sinuosas, descobrindo [&hellip;]<\/p>\n","protected":false},"author":1,"featured_media":0,"parent":0,"menu_order":0,"comment_status":"closed","ping_status":"closed","template":"","meta":{"saved_in_kubio":false,"om_disable_all_campaigns":false,"_monsterinsights_skip_tracking":false,"_monsterinsights_sitenote_active":false,"_monsterinsights_sitenote_note":"","_monsterinsights_sitenote_category":0,"_uf_show_specific_survey":0,"_uf_disable_surveys":false,"footnotes":""},"class_list":["post-370","page","type-page","status-publish","hentry"],"aioseo_notices":[],"kubio_ai_page_context":{"short_desc":"","purpose":"general"},"_links":{"self":[{"href":"https:\/\/picciblog.com.br\/index.php\/wp-json\/wp\/v2\/pages\/370","targetHints":{"allow":["GET"]}}],"collection":[{"href":"https:\/\/picciblog.com.br\/index.php\/wp-json\/wp\/v2\/pages"}],"about":[{"href":"https:\/\/picciblog.com.br\/index.php\/wp-json\/wp\/v2\/types\/page"}],"author":[{"embeddable":true,"href":"https:\/\/picciblog.com.br\/index.php\/wp-json\/wp\/v2\/users\/1"}],"replies":[{"embeddable":true,"href":"https:\/\/picciblog.com.br\/index.php\/wp-json\/wp\/v2\/comments?post=370"}],"version-history":[{"count":1,"href":"https:\/\/picciblog.com.br\/index.php\/wp-json\/wp\/v2\/pages\/370\/revisions"}],"predecessor-version":[{"id":371,"href":"https:\/\/picciblog.com.br\/index.php\/wp-json\/wp\/v2\/pages\/370\/revisions\/371"}],"wp:attachment":[{"href":"https:\/\/picciblog.com.br\/index.php\/wp-json\/wp\/v2\/media?parent=370"}],"curies":[{"name":"wp","href":"https:\/\/api.w.org\/{rel}","templated":true}]}}